{"id":2743,"date":"2026-03-10T21:57:31","date_gmt":"2026-03-10T21:57:31","guid":{"rendered":"https:\/\/tr.dertliu.edu.al\/?page_id=2743"},"modified":"2026-03-11T10:51:19","modified_gmt":"2026-03-11T10:51:19","slug":"ekselenca","status":"publish","type":"page","link":"https:\/\/tr.dertliu.edu.al\/index.php\/ekselenca\/","title":{"rendered":"Ekselenca"},"content":{"rendered":"<div class=\"wpb-content-wrapper\"><p>[vc_row][vc_column][vc_column_text]<\/p>\n<p class=\"my-2 [&amp;+p]:mt-4 [&amp;_strong:has(+br)]:inline-block [&amp;_strong:has(+br)]:pb-2\">Ekselenca \u00ebsht\u00eb pjes\u00eb e identitetit t\u00eb Gjimnazit \u201cDertliu\u201d. Me nj\u00eb tradit\u00eb suksesi q\u00eb nis n\u00eb vitin 1999 dhe me nj\u00eb filozofi arsimore t\u00eb mb\u00ebshtetur n\u00eb kurrikula bashk\u00ebkohore, metoda europiane t\u00eb m\u00ebsimdh\u00ebnies dhe p\u00ebrkushtim t\u00eb vazhduesh\u00ebm ndaj arritjeve t\u00eb nx\u00ebn\u00ebsve, institucioni yn\u00eb ka nd\u00ebrtuar nd\u00ebr vite nj\u00eb profil t\u00eb konsoliduar n\u00eb arsimin shqiptar.<\/p>\n<p class=\"my-2 [&amp;+p]:mt-4 [&amp;_strong:has(+br)]:inline-block [&amp;_strong:has(+br)]:pb-2\">Renditja e Gjimnazit \u201cDertliu\u201d mes 10 shkollave m\u00eb t\u00eb mira n\u00eb Shqip\u00ebri, n\u00eb kuad\u00ebr t\u00eb vler\u00ebsimeve t\u00eb b\u00ebra nga Ministria e Arsimit dhe Sportit, p\u00ebrfaq\u00ebson nj\u00eb vler\u00ebsim dometh\u00ebn\u00ebs p\u00ebr pun\u00ebn e stafit pedagogjik, p\u00ebrkushtimin e nx\u00ebn\u00ebsve dhe besimin e prind\u00ebrve n\u00eb misionin ton\u00eb arsimor. Udh\u00ebzuesi i renditjes komb\u00ebtare t\u00eb gjimnazeve thekson se kjo renditje mb\u00ebshtetet n\u00eb tregues zyrtar\u00eb t\u00eb performanc\u00ebs dhe synon transparenc\u00eb, paanshm\u00ebri dhe llogaridh\u00ebnie.<\/p>\n<p class=\"my-2 [&amp;+p]:mt-4 [&amp;_strong:has(+br)]:inline-block [&amp;_strong:has(+br)]:pb-2\">\u201cDertliu\u201d \u00ebsht\u00eb dalluar nd\u00ebr vite p\u00ebr rezultate t\u00eb larta n\u00eb Matur\u00ebn Shtet\u00ebrore, p\u00ebr arritje n\u00eb olimpiada komb\u00ebtare e nd\u00ebrkomb\u00ebtare dhe p\u00ebr mb\u00ebshtetje t\u00eb vazhdueshme t\u00eb talenteve t\u00eb reja.<\/p>\n<p class=\"my-2 [&amp;+p]:mt-4 [&amp;_strong:has(+br)]:inline-block [&amp;_strong:has(+br)]:pb-2\">Ky vler\u00ebsim \u00ebsht\u00eb p\u00ebr ne jo vet\u00ebm nj\u00eb arritje, por edhe nj\u00eb p\u00ebrgjegj\u00ebsi p\u00ebr t\u00eb vijuar me t\u00eb nj\u00ebjtin seriozitet n\u00eb rrug\u00ebn e dijes, formimit qytetar dhe zhvillimit t\u00eb plot\u00eb t\u00eb \u00e7do nx\u00ebn\u00ebsi. N\u00eb Gjimnazin \u201cDertliu\u201d, ekselenca mbetet nj\u00eb standard i p\u00ebrditsh\u00ebm dhe nj\u00eb objektiv q\u00eb p\u00ebrkthehet n\u00eb pun\u00eb, p\u00ebrkushtim dhe rezultate konkrete.<\/p>\n<p>[\/vc_column_text][\/vc_column][\/vc_row]<\/p>\n<\/div>","protected":false},"excerpt":{"rendered":"<p>[vc_row][vc_column][vc_column_text] Ekselenca \u00ebsht\u00eb pjes\u00eb e identitetit t\u00eb Gjimnazit \u201cDertliu\u201d. Me nj\u00eb tradit\u00eb suksesi q\u00eb nis n\u00eb vitin 1999 dhe me nj\u00eb filozofi arsimore t\u00eb mb\u00ebshtetur n\u00eb kurrikula bashk\u00ebkohore, metoda europiane t\u00eb m\u00ebsimdh\u00ebnies dhe p\u00ebrkushtim t\u00eb vazhduesh\u00ebm ndaj arritjeve t\u00eb nx\u00ebn\u00ebsve, institucioni yn\u00eb ka nd\u00ebrtuar nd\u00ebr vite nj\u00eb profil t\u00eb konsoliduar n\u00eb arsimin shqiptar. Renditja e [&hellip;]<\/p>\n","protected":false},"author":1,"featured_media":0,"parent":0,"menu_order":0,"comment_status":"closed","ping_status":"closed","template":"","meta":{"footnotes":""},"class_list":["post-2743","page","type-page","status-publish","hentry","no-thumb"],"_links":{"self":[{"href":"https:\/\/tr.dertliu.edu.al\/index.php\/wp-json\/wp\/v2\/pages\/2743","targetHints":{"allow":["GET"]}}],"collection":[{"href":"https:\/\/tr.dertliu.edu.al\/index.php\/wp-json\/wp\/v2\/pages"}],"about":[{"href":"https:\/\/tr.dertliu.edu.al\/index.php\/wp-json\/wp\/v2\/types\/page"}],"author":[{"embeddable":true,"href":"https:\/\/tr.dertliu.edu.al\/index.php\/wp-json\/wp\/v2\/users\/1"}],"replies":[{"embeddable":true,"href":"https:\/\/tr.dertliu.edu.al\/index.php\/wp-json\/wp\/v2\/comments?post=2743"}],"version-history":[{"count":1,"href":"https:\/\/tr.dertliu.edu.al\/index.php\/wp-json\/wp\/v2\/pages\/2743\/revisions"}],"predecessor-version":[{"id":2744,"href":"https:\/\/tr.dertliu.edu.al\/index.php\/wp-json\/wp\/v2\/pages\/2743\/revisions\/2744"}],"wp:attachment":[{"href":"https:\/\/tr.dertliu.edu.al\/index.php\/wp-json\/wp\/v2\/media?parent=2743"}],"curies":[{"name":"wp","href":"https:\/\/api.w.org\/{rel}","templated":true}]}}