{"id":2751,"date":"2026-03-10T22:23:52","date_gmt":"2026-03-10T22:23:52","guid":{"rendered":"https:\/\/tr.dertliu.edu.al\/?page_id=2751"},"modified":"2026-03-11T10:47:54","modified_gmt":"2026-03-11T10:47:54","slug":"tema-sociale","status":"publish","type":"page","link":"https:\/\/tr.dertliu.edu.al\/index.php\/tema-sociale\/","title":{"rendered":"Tema Sociale"},"content":{"rendered":"<div class=\"wpb-content-wrapper\"><p>[vc_row][vc_column][vc_column_text]<\/p>\n<p class=\"my-2 [&amp;+p]:mt-4 [&amp;_strong:has(+br)]:inline-block [&amp;_strong:has(+br)]:pb-2\">N\u00eb Gjimnazin \u201cDertliu\u201d, edukimi nuk kufizohet vet\u00ebm n\u00eb p\u00ebrvet\u00ebsimin e njohurive akademike. Nj\u00eb r\u00ebnd\u00ebsi e ve\u00e7ant\u00eb i kushtohet edhe temave sociale, me q\u00ebllim q\u00eb nx\u00ebn\u00ebsit t\u00eb jen\u00eb t\u00eb mir\u00ebinformuar, t\u00eb nd\u00ebrgjegjsh\u00ebm dhe t\u00eb aft\u00eb p\u00ebr t\u00eb kuptuar rolin e tyre n\u00eb shoq\u00ebri.<\/p>\n<p class=\"my-2 [&amp;+p]:mt-4 [&amp;_strong:has(+br)]:inline-block [&amp;_strong:has(+br)]:pb-2\">P\u00ebrmes diskutimeve, aktiviteteve t\u00eb dedikuara dhe angazhimit n\u00eb projekte t\u00eb ndryshme, nx\u00ebn\u00ebsit njihen m\u00eb nga af\u00ebr me \u00e7\u00ebshtje q\u00eb lidhen me jet\u00ebn n\u00eb komunitet, p\u00ebrgjegj\u00ebsin\u00eb qytetare, bashk\u00ebpunimin, respektin dhe solidaritetin. Kjo qasje i ndihmon ata t\u00eb nd\u00ebrtojn\u00eb jo vet\u00ebm dije, por edhe ndjeshm\u00ebri sociale dhe kultur\u00eb qytetare.<\/p>\n<p class=\"my-2 [&amp;+p]:mt-4 [&amp;_strong:has(+br)]:inline-block [&amp;_strong:has(+br)]:pb-2\">Temat sociale trajtohen si nj\u00eb mund\u00ebsi p\u00ebr t\u2019i b\u00ebr\u00eb nx\u00ebn\u00ebsit pjes\u00eb aktive t\u00eb jet\u00ebs komunitare. Duke u p\u00ebrfshir\u00eb n\u00eb projekte, nisma nd\u00ebrgjegj\u00ebsuese dhe sh\u00ebrbime n\u00eb komunitet, ata m\u00ebsojn\u00eb t\u00eb kontribuojn\u00eb konkretisht, t\u00eb bashk\u00ebpunojn\u00eb me t\u00eb tjer\u00ebt dhe t\u00eb kuptojn\u00eb vler\u00ebn e veprimit qytetar.<\/p>\n<p class=\"my-2 [&amp;+p]:mt-4 [&amp;_strong:has(+br)]:inline-block [&amp;_strong:has(+br)]:pb-2\">Ky angazhim krijon hap\u00ebsira reale ku t\u00eb rinjt\u00eb shprehin mendimet e tyre, zhvillojn\u00eb aft\u00ebsi komunikimi dhe marrin p\u00ebrgjegj\u00ebsi n\u00eb nisma q\u00eb sjellin ndikim pozitiv. N\u00eb k\u00ebt\u00eb m\u00ebnyr\u00eb, shkolla b\u00ebhet nj\u00eb ur\u00eb lidh\u00ebse mes formimit akademik dhe edukimit p\u00ebr jet\u00ebn.<\/p>\n<p class=\"my-2 [&amp;+p]:mt-4 [&amp;_strong:has(+br)]:inline-block [&amp;_strong:has(+br)]:pb-2\">P\u00ebr ne, suksesi i v\u00ebrtet\u00eb nuk matet vet\u00ebm me rezultatet n\u00eb m\u00ebsime, por edhe me aft\u00ebsin\u00eb p\u00ebr t\u00eb qen\u00eb qytetar i mir\u00eb, bashk\u00ebpunues dhe i p\u00ebrkushtuar ndaj komunitetit. Pik\u00ebrisht p\u00ebr k\u00ebt\u00eb arsye, temat sociale z\u00ebn\u00eb nj\u00eb vend t\u00eb r\u00ebnd\u00ebsish\u00ebm n\u00eb jet\u00ebn dhe kultur\u00ebn e shkoll\u00ebs son\u00eb.<\/p>\n<p>[\/vc_column_text][\/vc_column][\/vc_row]<\/p>\n<\/div>","protected":false},"excerpt":{"rendered":"<p>[vc_row][vc_column][vc_column_text] N\u00eb Gjimnazin \u201cDertliu\u201d, edukimi nuk kufizohet vet\u00ebm n\u00eb p\u00ebrvet\u00ebsimin e njohurive akademike. Nj\u00eb r\u00ebnd\u00ebsi e ve\u00e7ant\u00eb i kushtohet edhe temave sociale, me q\u00ebllim q\u00eb nx\u00ebn\u00ebsit t\u00eb jen\u00eb t\u00eb mir\u00ebinformuar, t\u00eb nd\u00ebrgjegjsh\u00ebm dhe t\u00eb aft\u00eb p\u00ebr t\u00eb kuptuar rolin e tyre n\u00eb shoq\u00ebri. P\u00ebrmes diskutimeve, aktiviteteve t\u00eb dedikuara dhe angazhimit n\u00eb projekte t\u00eb ndryshme, nx\u00ebn\u00ebsit [&hellip;]<\/p>\n","protected":false},"author":1,"featured_media":0,"parent":0,"menu_order":0,"comment_status":"closed","ping_status":"closed","template":"","meta":{"footnotes":""},"class_list":["post-2751","page","type-page","status-publish","hentry","no-thumb"],"_links":{"self":[{"href":"https:\/\/tr.dertliu.edu.al\/index.php\/wp-json\/wp\/v2\/pages\/2751","targetHints":{"allow":["GET"]}}],"collection":[{"href":"https:\/\/tr.dertliu.edu.al\/index.php\/wp-json\/wp\/v2\/pages"}],"about":[{"href":"https:\/\/tr.dertliu.edu.al\/index.php\/wp-json\/wp\/v2\/types\/page"}],"author":[{"embeddable":true,"href":"https:\/\/tr.dertliu.edu.al\/index.php\/wp-json\/wp\/v2\/users\/1"}],"replies":[{"embeddable":true,"href":"https:\/\/tr.dertliu.edu.al\/index.php\/wp-json\/wp\/v2\/comments?post=2751"}],"version-history":[{"count":1,"href":"https:\/\/tr.dertliu.edu.al\/index.php\/wp-json\/wp\/v2\/pages\/2751\/revisions"}],"predecessor-version":[{"id":2752,"href":"https:\/\/tr.dertliu.edu.al\/index.php\/wp-json\/wp\/v2\/pages\/2751\/revisions\/2752"}],"wp:attachment":[{"href":"https:\/\/tr.dertliu.edu.al\/index.php\/wp-json\/wp\/v2\/media?parent=2751"}],"curies":[{"name":"wp","href":"https:\/\/api.w.org\/{rel}","templated":true}]}}