{"id":3062,"date":"2026-03-11T09:37:02","date_gmt":"2026-03-11T09:37:02","guid":{"rendered":"https:\/\/tr.dertliu.edu.al\/?page_id=3062"},"modified":"2026-03-11T10:37:42","modified_gmt":"2026-03-11T10:37:42","slug":"kushtet-e-perdorimit-dhe-politikat-e-privatesise","status":"publish","type":"page","link":"https:\/\/tr.dertliu.edu.al\/index.php\/kushtet-e-perdorimit-dhe-politikat-e-privatesise\/","title":{"rendered":"Kushtet e P\u00ebrdorimit dhe Politikat e Privat\u00ebsis\u00eb"},"content":{"rendered":"<div class=\"wpb-content-wrapper\"><p>[vc_row][vc_column][vc_column_text css=&#8221;&#8221;]<\/p>\n<p class=\"my-2 [&amp;+p]:mt-4 [&amp;_strong:has(+br)]:inline-block [&amp;_strong:has(+br)]:pb-2\">Mir\u00eb se vini n\u00eb faqen zyrtare t\u00eb\u00a0<strong>Gjimnazit Dertliu<\/strong>\u00a0(n\u00eb vijim referuar si &#8220;Faqja&#8221;, &#8220;Ne&#8221;, &#8220;Shkolla&#8221;). P\u00ebrdorimi i k\u00ebsaj faqeje interneti n\u00ebnkupton pranimin e plot\u00eb t\u00eb Kushteve t\u00eb P\u00ebrdorimit dhe Politikave t\u00eb Privat\u00ebsis\u00eb t\u00eb p\u00ebrshkruara m\u00eb posht\u00eb. N\u00ebse nuk jeni dakord me k\u00ebto kushte, ju lutemi t\u00eb mos e p\u00ebrdorni k\u00ebt\u00eb faqe.<\/p>\n<hr class=\"bg-quiet h-px border-0\" \/>\n<h2 id=\"1-kushtet-e-prdorimit-terms-of-use\" class=\"font-editorial font-bold mb-2 mt-4 [.has-inline-images_&amp;]:clear-end text-lg first:mt-0 md:text-lg [hr+&amp;]:mt-4\">1. Kushtet e P\u00ebrdorimit (Terms of Use)<\/h2>\n<h2 id=\"11-t-drejtat-e-autorit-copyright\" class=\"font-editorial font-bold mb-2 mt-4 [.has-inline-images_&amp;]:clear-end text-base first:mt-0\">1.1 T\u00eb Drejtat e Autorit (Copyright)<\/h2>\n<p class=\"my-2 [&amp;+p]:mt-4 [&amp;_strong:has(+br)]:inline-block [&amp;_strong:has(+br)]:pb-2\">E gjith\u00eb p\u00ebrmbajtja e k\u00ebsaj faqeje, duke p\u00ebrfshir\u00eb por pa u kufizuar n\u00eb tekstet, logot, grafikat, fotografit\u00eb, videot, struktur\u00ebn dhe materialet kurrikulare, \u00ebsht\u00eb pron\u00eb intelektuale e\u00a0<strong>Gjimnazit Dertliu<\/strong>.<span class=\"inline-flex\" aria-label=\"Privacy Policy - Mir\u00ebsevini n\u00eb Dertliu!\" data-state=\"closed\">\u200b<\/span><\/p>\n<ul class=\"marker:text-quiet list-disc\">\n<li class=\"py-0 my-0 prose-p:pt-0 prose-p:mb-2 prose-p:my-0 [&amp;&gt;p]:pt-0 [&amp;&gt;p]:mb-2 [&amp;&gt;p]:my-0\">\n<p class=\"my-2 [&amp;+p]:mt-4 [&amp;_strong:has(+br)]:inline-block [&amp;_strong:has(+br)]:pb-2\">Ndalohet rrept\u00ebsisht kopjimi, riprodhimi, shp\u00ebrndarja ose modifikimi i k\u00ebsaj p\u00ebrmbajtjeje p\u00ebr q\u00ebllime komerciale pa marr\u00eb m\u00eb par\u00eb nj\u00eb miratim me shkrim nga drejtoria e shkoll\u00ebs.<\/p>\n<\/li>\n<li class=\"py-0 my-0 prose-p:pt-0 prose-p:mb-2 prose-p:my-0 [&amp;&gt;p]:pt-0 [&amp;&gt;p]:mb-2 [&amp;&gt;p]:my-0\">\n<p class=\"my-2 [&amp;+p]:mt-4 [&amp;_strong:has(+br)]:inline-block [&amp;_strong:has(+br)]:pb-2\">Shkarkimi i materialeve (si p.sh. formular\u00eb ose njoftime) lejohet vet\u00ebm p\u00ebr p\u00ebrdorim personal dhe jo-komercial nga ana e nx\u00ebn\u00ebsve, prind\u00ebrve dhe stafit.<\/p>\n<\/li>\n<\/ul>\n<h2 id=\"12-prdorimi-i-lejuar\" class=\"font-editorial font-bold mb-2 mt-4 [.has-inline-images_&amp;]:clear-end text-base first:mt-0\">1.2 P\u00ebrdorimi i Lejuar<\/h2>\n<p class=\"my-2 [&amp;+p]:mt-4 [&amp;_strong:has(+br)]:inline-block [&amp;_strong:has(+br)]:pb-2\">Ju pranoni ta p\u00ebrdorni faqen ton\u00eb vet\u00ebm p\u00ebr q\u00ebllime t\u00eb ligjshme dhe n\u00eb nj\u00eb m\u00ebnyr\u00eb q\u00eb nuk cenon t\u00eb drejtat e t\u00eb tjer\u00ebve, apo q\u00eb nuk kufizon ose pengon p\u00ebrdorimin e faqes nga t\u00eb tjer\u00ebt. Ndalohet p\u00ebrdorimi i faqes p\u00ebr t\u00eb d\u00ebrguar materiale fyese, t\u00eb d\u00ebmshme ose viruse kompjuterike.<\/p>\n<h2 id=\"13-prgjegjsia\" class=\"font-editorial font-bold mb-2 mt-4 [.has-inline-images_&amp;]:clear-end text-base first:mt-0\">1.3 P\u00ebrgjegj\u00ebsia<\/h2>\n<p class=\"my-2 [&amp;+p]:mt-4 [&amp;_strong:has(+br)]:inline-block [&amp;_strong:has(+br)]:pb-2\">Gjimnazi Dertliu p\u00ebrpiqet vazhdimisht t\u00eb mbaj\u00eb t\u00eb p\u00ebrdit\u00ebsuar dhe t\u00eb sakt\u00eb informacionin n\u00eb k\u00ebt\u00eb faqe (informacione p\u00ebr kurrikul\u00ebn, klubet, oraret, etj.). Megjithat\u00eb, ne nuk mbajm\u00eb p\u00ebrgjegj\u00ebsi ligjore p\u00ebr gabime t\u00eb mundshme teknike apo tipografike. \u00c7do vendim i marr\u00eb bazuar n\u00eb informacionin e faqes duhet t\u00eb konfirmohet paraprakisht p\u00ebrmes kontaktit t\u00eb drejtp\u00ebrdrejt\u00eb me sekretarin\u00eb e shkoll\u00ebs.<\/p>\n<hr class=\"bg-quiet h-px border-0\" \/>\n<h2 id=\"2-politika-e-privatsis-privacy-policy\" class=\"font-editorial font-bold mb-2 mt-4 [.has-inline-images_&amp;]:clear-end text-lg first:mt-0 md:text-lg [hr+&amp;]:mt-4\">2. Politika e Privat\u00ebsis\u00eb (Privacy Policy)<\/h2>\n<p class=\"my-2 [&amp;+p]:mt-4 [&amp;_strong:has(+br)]:inline-block [&amp;_strong:has(+br)]:pb-2\">Gjimnazi Dertliu angazhohet maksimalisht p\u00ebr mbrojtjen e privat\u00ebsis\u00eb suaj dhe t\u00eb t\u00eb dh\u00ebnave personale, n\u00eb p\u00ebrputhje me legjislacionin n\u00eb fuqi p\u00ebr Mbrojtjen e t\u00eb Dh\u00ebnave Personale (GDPR dhe Ligji Nr. 9887, dat\u00eb 10.03.2008).<span class=\"inline-flex\" aria-label=\"Privacy Policy - McCann Tirana\" data-state=\"closed\">\u200b<\/span><\/p>\n<h2 id=\"21-far-t-dhnash-mbledhim\" class=\"font-editorial font-bold mb-2 mt-4 [.has-inline-images_&amp;]:clear-end text-base first:mt-0\">2.1 \u00c7far\u00eb t\u00eb dh\u00ebnash mbledhim?<\/h2>\n<p class=\"my-2 [&amp;+p]:mt-4 [&amp;_strong:has(+br)]:inline-block [&amp;_strong:has(+br)]:pb-2\">Gjat\u00eb vizit\u00ebs suaj n\u00eb faqen ton\u00eb, ne mund t\u00eb mbledhim dy lloje t\u00eb dh\u00ebnash:<\/p>\n<ul class=\"marker:text-quiet list-disc\">\n<li class=\"py-0 my-0 prose-p:pt-0 prose-p:mb-2 prose-p:my-0 [&amp;&gt;p]:pt-0 [&amp;&gt;p]:mb-2 [&amp;&gt;p]:my-0\">\n<p class=\"my-2 [&amp;+p]:mt-4 [&amp;_strong:has(+br)]:inline-block [&amp;_strong:has(+br)]:pb-2\"><strong>T\u00eb dh\u00ebna personale q\u00eb ju na i jepni vullnetarisht:<\/strong>\u00a0Kur plot\u00ebsoni formularin e kontaktit, aplikoni p\u00ebr regjistrim ose regjistroheni p\u00ebr aktivitete t\u00eb caktuara, ne mbledhim informacione t\u00eb tilla si: Emri, Mbiemri, Adresa e Email-it, Numri i Telefonit dhe mesazhi juaj.<\/p>\n<\/li>\n<li class=\"py-0 my-0 prose-p:pt-0 prose-p:mb-2 prose-p:my-0 [&amp;&gt;p]:pt-0 [&amp;&gt;p]:mb-2 [&amp;&gt;p]:my-0\">\n<p class=\"my-2 [&amp;+p]:mt-4 [&amp;_strong:has(+br)]:inline-block [&amp;_strong:has(+br)]:pb-2\"><strong>T\u00eb dh\u00ebna teknike (Cookies):<\/strong>\u00a0Gjat\u00eb lundrimit, mblidhen t\u00eb dh\u00ebna standarde p\u00ebrmes skedar\u00ebve &#8220;Cookies&#8221; p\u00ebr t\u00eb p\u00ebrmir\u00ebsuar funksionimin e faqes (psh. adresa IP, lloji i shfletuesit, pajisja e p\u00ebrdorur).<\/p>\n<\/li>\n<\/ul>\n<h2 id=\"22-si-i-prdorim-t-dhnat-tuaja\" class=\"font-editorial font-bold mb-2 mt-4 [.has-inline-images_&amp;]:clear-end text-base first:mt-0\">2.2 Si i p\u00ebrdorim t\u00eb dh\u00ebnat tuaja?<\/h2>\n<p class=\"my-2 [&amp;+p]:mt-4 [&amp;_strong:has(+br)]:inline-block [&amp;_strong:has(+br)]:pb-2\">T\u00eb dh\u00ebnat tuaja personale p\u00ebrdoren nga stafi i\u00a0<strong>Gjimnazit Dertliu<\/strong>\u00a0vet\u00ebm p\u00ebr k\u00ebto q\u00ebllime:<span class=\"inline-flex\" aria-label=\"Privacy Policy - Mir\u00ebsevini n\u00eb Dertliu!\" data-state=\"closed\">\u200b<\/span><\/p>\n<ul class=\"marker:text-quiet list-disc\">\n<li class=\"py-0 my-0 prose-p:pt-0 prose-p:mb-2 prose-p:my-0 [&amp;&gt;p]:pt-0 [&amp;&gt;p]:mb-2 [&amp;&gt;p]:my-0\">\n<p class=\"my-2 [&amp;+p]:mt-4 [&amp;_strong:has(+br)]:inline-block [&amp;_strong:has(+br)]:pb-2\">P\u00ebr t&#8217;ju kthyer p\u00ebrgjigje k\u00ebrkesave, pyetjeve dhe mesazheve t\u00eb d\u00ebrguara n\u00eb formularin e kontaktit.<span class=\"inline-flex\" aria-label=\"Kontakt - Mir\u00ebsevini n\u00eb Dertliu!\" data-state=\"closed\">\u200b<\/span><\/p>\n<\/li>\n<li class=\"py-0 my-0 prose-p:pt-0 prose-p:mb-2 prose-p:my-0 [&amp;&gt;p]:pt-0 [&amp;&gt;p]:mb-2 [&amp;&gt;p]:my-0\">\n<p class=\"my-2 [&amp;+p]:mt-4 [&amp;_strong:has(+br)]:inline-block [&amp;_strong:has(+br)]:pb-2\">P\u00ebr t&#8217;ju d\u00ebrguar informacione rreth regjistrimeve, tarifave, bursave ose njoftimeve t\u00eb r\u00ebnd\u00ebsishme shkollore.<span class=\"inline-flex\" aria-label=\"Privacy Policy - Mir\u00ebsevini n\u00eb Dertliu!\" data-state=\"closed\">\u200b<\/span><\/p>\n<\/li>\n<li class=\"py-0 my-0 prose-p:pt-0 prose-p:mb-2 prose-p:my-0 [&amp;&gt;p]:pt-0 [&amp;&gt;p]:mb-2 [&amp;&gt;p]:my-0\">\n<p class=\"my-2 [&amp;+p]:mt-4 [&amp;_strong:has(+br)]:inline-block [&amp;_strong:has(+br)]:pb-2\">P\u00ebr t\u00eb p\u00ebrmir\u00ebsuar sh\u00ebrbimin ton\u00eb ndaj prind\u00ebrve dhe nx\u00ebn\u00ebsve, si dhe p\u00ebr t\u00eb siguruar funksionimin optimal t\u00eb website-it.<span class=\"inline-flex\" aria-label=\"Privacy Policy - Mir\u00ebsevini n\u00eb Dertliu!\" data-state=\"closed\">\u200b<\/span><\/p>\n<\/li>\n<\/ul>\n<p class=\"my-2 [&amp;+p]:mt-4 [&amp;_strong:has(+br)]:inline-block [&amp;_strong:has(+br)]:pb-2\"><em>N\u00eb formularin ton\u00eb t\u00eb kontaktit, ju jepni p\u00eblqimin q\u00eb t\u00eb dh\u00ebnat tuaja t\u00eb p\u00ebrpunohen posa\u00e7\u00ebrisht p\u00ebr q\u00ebllimin e mesazhit t\u00eb d\u00ebrguar.<\/em><span class=\"inline-flex\" aria-label=\"Kontakt - Mir\u00ebsevini n\u00eb Dertliu!\" data-state=\"closed\">\u200b<\/span><\/p>\n<h2 id=\"23-mbrojtja-dhe-ndarja-e-t-dhnave\" class=\"font-editorial font-bold mb-2 mt-4 [.has-inline-images_&amp;]:clear-end text-base first:mt-0\">2.3 Mbrojtja dhe Ndarja e t\u00eb Dh\u00ebnave<\/h2>\n<ul class=\"marker:text-quiet list-disc\">\n<li class=\"py-0 my-0 prose-p:pt-0 prose-p:mb-2 prose-p:my-0 [&amp;&gt;p]:pt-0 [&amp;&gt;p]:mb-2 [&amp;&gt;p]:my-0\">\n<p class=\"my-2 [&amp;+p]:mt-4 [&amp;_strong:has(+br)]:inline-block [&amp;_strong:has(+br)]:pb-2\"><strong>Siguria:<\/strong>\u00a0T\u00eb dh\u00ebnat tuaja ruhen n\u00eb servera t\u00eb sigurt dhe qasja n\u00eb to \u00ebsht\u00eb e kufizuar vet\u00ebm p\u00ebr stafin e autorizuar t\u00eb shkoll\u00ebs (administrata\/sekretaria).<\/p>\n<\/li>\n<li class=\"py-0 my-0 prose-p:pt-0 prose-p:mb-2 prose-p:my-0 [&amp;&gt;p]:pt-0 [&amp;&gt;p]:mb-2 [&amp;&gt;p]:my-0\">\n<p class=\"my-2 [&amp;+p]:mt-4 [&amp;_strong:has(+br)]:inline-block [&amp;_strong:has(+br)]:pb-2\"><strong>Pal\u00ebt e treta:<\/strong>\u00a0Gjimnazi Dertliu\u00a0<strong>nuk i shet, nuk i jep me qira dhe nuk i shp\u00ebrndan<\/strong>\u00a0t\u00eb dh\u00ebnat tuaja personale te pal\u00ebt e treta (kompani marketingu etj.). Ne mund t&#8217;i ndajm\u00eb t\u00eb dh\u00ebnat vet\u00ebm n\u00ebse k\u00ebrkohet me ligj nga institucionet shtet\u00ebrore (psh. MASR).<\/p>\n<\/li>\n<\/ul>\n<h2 id=\"24-t-drejtat-tuaja\" class=\"font-editorial font-bold mb-2 mt-4 [.has-inline-images_&amp;]:clear-end text-base first:mt-0\">2.4 T\u00eb drejtat tuaja<\/h2>\n<p class=\"my-2 [&amp;+p]:mt-4 [&amp;_strong:has(+br)]:inline-block [&amp;_strong:has(+br)]:pb-2\">N\u00eb \u00e7do koh\u00eb, ju keni t\u00eb drejt\u00eb t\u00eb k\u00ebrkoni:<span class=\"inline-flex\" aria-label=\"Privacy Policy - Mir\u00ebsevini n\u00eb Dertliu!\" data-state=\"closed\">\u200b<\/span><\/p>\n<ul class=\"marker:text-quiet list-disc\">\n<li class=\"py-0 my-0 prose-p:pt-0 prose-p:mb-2 prose-p:my-0 [&amp;&gt;p]:pt-0 [&amp;&gt;p]:mb-2 [&amp;&gt;p]:my-0\">\n<p class=\"my-2 [&amp;+p]:mt-4 [&amp;_strong:has(+br)]:inline-block [&amp;_strong:has(+br)]:pb-2\">T\u00eb informoheni se cilat nga t\u00eb dh\u00ebnat tuaja po ruajm\u00eb.<\/p>\n<\/li>\n<li class=\"py-0 my-0 prose-p:pt-0 prose-p:mb-2 prose-p:my-0 [&amp;&gt;p]:pt-0 [&amp;&gt;p]:mb-2 [&amp;&gt;p]:my-0\">\n<p class=\"my-2 [&amp;+p]:mt-4 [&amp;_strong:has(+br)]:inline-block [&amp;_strong:has(+br)]:pb-2\">T\u00eb k\u00ebrkoni fshirjen, p\u00ebrdit\u00ebsimin ose modifikimin e tyre nga databaza jon\u00eb.<\/p>\n<\/li>\n<\/ul>\n<h2 id=\"25-prdorimi-i-imazheve-fotovideo\" class=\"font-editorial font-bold mb-2 mt-4 [.has-inline-images_&amp;]:clear-end text-base first:mt-0\">2.5 P\u00ebrdorimi i Imazheve (Foto\/Video)<\/h2>\n<p class=\"my-2 [&amp;+p]:mt-4 [&amp;_strong:has(+br)]:inline-block [&amp;_strong:has(+br)]:pb-2\">Si institucion arsimor, ne mund t\u00eb publikojm\u00eb n\u00eb faqe foto dhe video nga aktivitetet shkollore, klubet (Klubi i Artit, Sportit, Shkenc\u00ebs etj.), apo olimpiadat. K\u00ebto pamje publikohen vet\u00ebm p\u00ebr q\u00ebllime promovuese t\u00eb jet\u00ebs akademike dhe sociale t\u00eb shkoll\u00ebs. N\u00ebse nj\u00eb prind ose nx\u00ebn\u00ebs k\u00ebrkon heqjen e nj\u00eb imazhi t\u00eb caktuar ku ai\/ajo shfaqet, mund t\u00eb na kontaktoj\u00eb dhe ai do t\u00eb hiqet menj\u00ebher\u00eb.<\/p>\n<hr class=\"bg-quiet h-px border-0\" \/>\n<h2 id=\"3-ndryshimet-n-kt-politik\" class=\"font-editorial font-bold mb-2 mt-4 [.has-inline-images_&amp;]:clear-end text-lg first:mt-0 md:text-lg [hr+&amp;]:mt-4\">3. Ndryshimet n\u00eb k\u00ebt\u00eb Politik\u00eb<\/h2>\n<p class=\"my-2 [&amp;+p]:mt-4 [&amp;_strong:has(+br)]:inline-block [&amp;_strong:has(+br)]:pb-2\">Gjimnazi Dertliu rezervon t\u00eb drejt\u00ebn t\u00eb b\u00ebj\u00eb ndryshime n\u00eb Kushtet e P\u00ebrdorimit dhe Politikat e Privat\u00ebsis\u00eb n\u00eb \u00e7do koh\u00eb. \u00c7do p\u00ebrdit\u00ebsim do t\u00eb reflektohet n\u00eb k\u00ebt\u00eb faqe. Ju k\u00ebshillojm\u00eb ta rishikoni k\u00ebt\u00eb dokument n\u00eb m\u00ebnyr\u00eb periodike.<\/p>\n<h2 id=\"4-kontakt\" class=\"font-editorial font-bold mb-2 mt-4 [.has-inline-images_&amp;]:clear-end text-lg first:mt-0 md:text-lg [hr+&amp;]:mt-4\">4. Kontakt<\/h2>\n<p class=\"my-2 [&amp;+p]:mt-4 [&amp;_strong:has(+br)]:inline-block [&amp;_strong:has(+br)]:pb-2\">P\u00ebr \u00e7do pyetje, shqet\u00ebsim ose k\u00ebrkes\u00eb lidhur me Kushtet e P\u00ebrdorimit apo trajtimin e t\u00eb dh\u00ebnave tuaja personale, mos hezitoni t\u00eb na kontaktoni:<span class=\"inline-flex\" aria-label=\"Kontakt - Mir\u00ebsevini n\u00eb Dertliu!\" data-state=\"closed\">\u200b<\/span><\/p>\n<ul class=\"marker:text-quiet list-disc\">\n<li class=\"py-0 my-0 prose-p:pt-0 prose-p:mb-2 prose-p:my-0 [&amp;&gt;p]:pt-0 [&amp;&gt;p]:mb-2 [&amp;&gt;p]:my-0\">\n<p class=\"my-2 [&amp;+p]:mt-4 [&amp;_strong:has(+br)]:inline-block [&amp;_strong:has(+br)]:pb-2\"><strong>Email:<\/strong>\u00a0<a class=\"reset interactable cursor-pointer decoration-1 underline-offset-1 text-super hover:underline font-semibold\" href=\"mailto:info@dertliu.edu.al\" target=\"_blank\" rel=\"nofollow noopener\"><span class=\"text-box-trim-both\">info@dertliu.edu.al<\/span><\/a>\u00a0\/\u00a0<a class=\"reset interactable cursor-pointer decoration-1 underline-offset-1 text-super hover:underline font-semibold\" href=\"mailto:gjimnazidertliu@gmail.com\" target=\"_blank\" rel=\"nofollow noopener\"><span class=\"text-box-trim-both\">gjimnazidertliu@gmail.com<\/span><\/a><span class=\"inline-flex\" aria-label=\"Kontakt - Mir\u00ebsevini n\u00eb Dertliu!\" data-state=\"closed\">\u200b<\/span><\/p>\n<\/li>\n<li class=\"py-0 my-0 prose-p:pt-0 prose-p:mb-2 prose-p:my-0 [&amp;&gt;p]:pt-0 [&amp;&gt;p]:mb-2 [&amp;&gt;p]:my-0\">\n<p class=\"my-2 [&amp;+p]:mt-4 [&amp;_strong:has(+br)]:inline-block [&amp;_strong:has(+br)]:pb-2\"><strong>Telefon:<\/strong>\u00a0+355 69 20 76 243 \/ +355 69 94 97 777<span class=\"inline-flex\" aria-label=\"Kontakt - Mir\u00ebsevini n\u00eb Dertliu!\" data-state=\"closed\">\u200b<\/span><\/p>\n<\/li>\n<li class=\"py-0 my-0 prose-p:pt-0 prose-p:mb-2 prose-p:my-0 [&amp;&gt;p]:pt-0 [&amp;&gt;p]:mb-2 [&amp;&gt;p]:my-0\">\n<p class=\"my-2 [&amp;+p]:mt-4 [&amp;_strong:has(+br)]:inline-block [&amp;_strong:has(+br)]:pb-2\"><strong>Adresa:<\/strong>\u00a0Autostrada Tiran\u00eb &#8211; Durr\u00ebs<span class=\"inline-flex\" aria-label=\"Kontakt - Mir\u00ebsevini n\u00eb Dertliu!\" data-state=\"closed\">\u200b<\/span><\/p>\n<\/li>\n<\/ul>\n<hr class=\"bg-quiet h-px border-0\" \/>\n<p class=\"my-2 [&amp;+p]:mt-4 [&amp;_strong:has(+br)]:inline-block [&amp;_strong:has(+br)]:pb-2\"><em>(E p\u00ebrdit\u00ebsuar s\u00eb fundmi: Mars 2026)<\/em><\/p>\n<p>[\/vc_column_text][\/vc_column][\/vc_row]<\/p>\n<\/div>","protected":false},"excerpt":{"rendered":"<p>[vc_row][vc_column][vc_column_text css=&#8221;&#8221;] Mir\u00eb se vini n\u00eb faqen zyrtare t\u00eb\u00a0Gjimnazit Dertliu\u00a0(n\u00eb vijim referuar si &#8220;Faqja&#8221;, &#8220;Ne&#8221;, &#8220;Shkolla&#8221;). P\u00ebrdorimi i k\u00ebsaj faqeje interneti n\u00ebnkupton pranimin e plot\u00eb t\u00eb Kushteve t\u00eb P\u00ebrdorimit dhe Politikave t\u00eb Privat\u00ebsis\u00eb t\u00eb p\u00ebrshkruara m\u00eb posht\u00eb. N\u00ebse nuk jeni dakord me k\u00ebto kushte, ju lutemi t\u00eb mos e p\u00ebrdorni k\u00ebt\u00eb faqe. 1. Kushtet e [&hellip;]<\/p>\n","protected":false},"author":1,"featured_media":0,"parent":0,"menu_order":0,"comment_status":"closed","ping_status":"closed","template":"","meta":{"footnotes":""},"class_list":["post-3062","page","type-page","status-publish","hentry","no-thumb"],"_links":{"self":[{"href":"https:\/\/tr.dertliu.edu.al\/index.php\/wp-json\/wp\/v2\/pages\/3062","targetHints":{"allow":["GET"]}}],"collection":[{"href":"https:\/\/tr.dertliu.edu.al\/index.php\/wp-json\/wp\/v2\/pages"}],"about":[{"href":"https:\/\/tr.dertliu.edu.al\/index.php\/wp-json\/wp\/v2\/types\/page"}],"author":[{"embeddable":true,"href":"https:\/\/tr.dertliu.edu.al\/index.php\/wp-json\/wp\/v2\/users\/1"}],"replies":[{"embeddable":true,"href":"https:\/\/tr.dertliu.edu.al\/index.php\/wp-json\/wp\/v2\/comments?post=3062"}],"version-history":[{"count":1,"href":"https:\/\/tr.dertliu.edu.al\/index.php\/wp-json\/wp\/v2\/pages\/3062\/revisions"}],"predecessor-version":[{"id":3063,"href":"https:\/\/tr.dertliu.edu.al\/index.php\/wp-json\/wp\/v2\/pages\/3062\/revisions\/3063"}],"wp:attachment":[{"href":"https:\/\/tr.dertliu.edu.al\/index.php\/wp-json\/wp\/v2\/media?parent=3062"}],"curies":[{"name":"wp","href":"https:\/\/api.w.org\/{rel}","templated":true}]}}